{"id":9235,"date":"2024-02-10T11:53:10","date_gmt":"2024-02-10T10:53:10","guid":{"rendered":"https:\/\/explora.pl\/blog\/?page_id=9235"},"modified":"2024-02-22T10:44:07","modified_gmt":"2024-02-22T09:44:07","slug":"imagineai","status":"publish","type":"page","link":"https:\/\/explora.pl\/blog\/imagineai\/","title":{"rendered":"#ImagineAI @explora75.ai"},"content":{"rendered":"","protected":false},"excerpt":{"rendered":"","protected":false},"author":2,"featured_media":0,"parent":0,"menu_order":0,"comment_status":"closed","ping_status":"closed","template":"page-blog.php","meta":{"kt_blocks_editor_width":"","footnotes":""},"class_list":["post-9235","page","type-page","status-publish","hentry"],"yoast_head":"<!-- This site is optimized with the Yoast SEO plugin v27.1.1 - https:\/\/yoast.com\/product\/yoast-seo-wordpress\/ -->\n<title>#ImagineAI @explora75.ai - Fotograf Koszalin, Fotograf \u015blubny Koszalin, Fotograf \u015blubny Bia\u0142ogard, Fotograf Bia\u0142ogard, zdj\u0119cia \u015blubne Koszalin<\/title>\n<meta name=\"description\" content=\"#Graphics created with #AI (#Dalle, #LeonardoAI, #SDXL, #FireFly, #Generative Fill #Adobe). Idea, processing, prompt by @explora75.ai | www.explora.pl\" \/>\n<meta name=\"robots\" content=\"index, follow, max-snippet:-1, max-image-preview:large, max-video-preview:-1\" \/>\n<link rel=\"canonical\" href=\"https:\/\/explora.pl\/blog\/imagineai\/\" \/>\n<meta property=\"og:locale\" content=\"pl_PL\" \/>\n<meta property=\"og:type\" content=\"article\" \/>\n<meta property=\"og:title\" content=\"#ImagineAI @explora75.ai - Fotograf Koszalin, Fotograf \u015blubny Koszalin, Fotograf \u015blubny Bia\u0142ogard, Fotograf Bia\u0142ogard, zdj\u0119cia \u015blubne Koszalin\" \/>\n<meta property=\"og:description\" content=\"#Graphics created with #AI (#Dalle, #LeonardoAI, #SDXL, #FireFly, #Generative Fill #Adobe). Idea, processing, prompt by @explora75.ai | www.explora.pl\" \/>\n<meta property=\"og:url\" content=\"https:\/\/explora.pl\/blog\/imagineai\/\" \/>\n<meta property=\"og:site_name\" content=\"Fotograf Koszalin, Fotograf \u015blubny Koszalin, Fotograf \u015blubny Bia\u0142ogard, Fotograf Bia\u0142ogard, zdj\u0119cia \u015blubne Koszalin\" \/>\n<meta property=\"article:publisher\" content=\"https:\/\/www.facebook.com\/adam.kazmierski.fotografia\" \/>\n<meta property=\"article:modified_time\" content=\"2024-02-22T09:44:07+00:00\" \/>\n<meta name=\"twitter:card\" content=\"summary_large_image\" \/>\n<script type=\"application\/ld+json\" class=\"yoast-schema-graph\">{\"@context\":\"https:\/\/schema.org\",\"@graph\":[{\"@type\":\"WebPage\",\"@id\":\"https:\/\/explora.pl\/blog\/imagineai\/\",\"url\":\"https:\/\/explora.pl\/blog\/imagineai\/\",\"name\":\"#ImagineAI @explora75.ai - Fotograf Koszalin, Fotograf \u015blubny Koszalin, Fotograf \u015blubny Bia\u0142ogard, Fotograf Bia\u0142ogard, zdj\u0119cia \u015blubne Koszalin\",\"isPartOf\":{\"@id\":\"https:\/\/explora.pl\/blog\/#website\"},\"datePublished\":\"2024-02-10T10:53:10+00:00\",\"dateModified\":\"2024-02-22T09:44:07+00:00\",\"description\":\"#Graphics created with #AI (#Dalle, #LeonardoAI, #SDXL, #FireFly, #Generative Fill #Adobe). Idea, processing, prompt by @explora75.ai | www.explora.pl\",\"breadcrumb\":{\"@id\":\"https:\/\/explora.pl\/blog\/imagineai\/#breadcrumb\"},\"inLanguage\":\"pl-PL\",\"potentialAction\":[{\"@type\":\"ReadAction\",\"target\":[\"https:\/\/explora.pl\/blog\/imagineai\/\"]}]},{\"@type\":\"BreadcrumbList\",\"@id\":\"https:\/\/explora.pl\/blog\/imagineai\/#breadcrumb\",\"itemListElement\":[{\"@type\":\"ListItem\",\"position\":1,\"name\":\"Strona g\u0142\u00f3wna\",\"item\":\"https:\/\/explora.pl\/blog\/\"},{\"@type\":\"ListItem\",\"position\":2,\"name\":\"#ImagineAI @explora75.ai\"}]},{\"@type\":\"WebSite\",\"@id\":\"https:\/\/explora.pl\/blog\/#website\",\"url\":\"https:\/\/explora.pl\/blog\/\",\"name\":\"Fotograf Koszalin, Fotograf \u015blubny Koszalin, Fotograf \u015blubny Bia\u0142ogard, Fotograf Bia\u0142ogard, zdj\u0119cia \u015blubne Koszalin\",\"description\":\"Fotografia \u015blubna Koszalin, portretowa, u\u017cytkowa oraz ekspresowe zdj\u0119cia do dokument\u00f3w - Koszalin\",\"potentialAction\":[{\"@type\":\"SearchAction\",\"target\":{\"@type\":\"EntryPoint\",\"urlTemplate\":\"https:\/\/explora.pl\/blog\/?s={search_term_string}\"},\"query-input\":{\"@type\":\"PropertyValueSpecification\",\"valueRequired\":true,\"valueName\":\"search_term_string\"}}],\"inLanguage\":\"pl-PL\"}]}<\/script>\n<!-- \/ Yoast SEO plugin. -->","yoast_head_json":{"title":"#ImagineAI @explora75.ai - Fotograf Koszalin, Fotograf \u015blubny Koszalin, Fotograf \u015blubny Bia\u0142ogard, Fotograf Bia\u0142ogard, zdj\u0119cia \u015blubne Koszalin","description":"#Graphics created with #AI (#Dalle, #LeonardoAI, #SDXL, #FireFly, #Generative Fill #Adobe). Idea, processing, prompt by @explora75.ai | www.explora.pl","robots":{"index":"index","follow":"follow","max-snippet":"max-snippet:-1","max-image-preview":"max-image-preview:large","max-video-preview":"max-video-preview:-1"},"canonical":"https:\/\/explora.pl\/blog\/imagineai\/","og_locale":"pl_PL","og_type":"article","og_title":"#ImagineAI @explora75.ai - Fotograf Koszalin, Fotograf \u015blubny Koszalin, Fotograf \u015blubny Bia\u0142ogard, Fotograf Bia\u0142ogard, zdj\u0119cia \u015blubne Koszalin","og_description":"#Graphics created with #AI (#Dalle, #LeonardoAI, #SDXL, #FireFly, #Generative Fill #Adobe). Idea, processing, prompt by @explora75.ai | www.explora.pl","og_url":"https:\/\/explora.pl\/blog\/imagineai\/","og_site_name":"Fotograf Koszalin, Fotograf \u015blubny Koszalin, Fotograf \u015blubny Bia\u0142ogard, Fotograf Bia\u0142ogard, zdj\u0119cia \u015blubne Koszalin","article_publisher":"https:\/\/www.facebook.com\/adam.kazmierski.fotografia","article_modified_time":"2024-02-22T09:44:07+00:00","twitter_card":"summary_large_image","schema":{"@context":"https:\/\/schema.org","@graph":[{"@type":"WebPage","@id":"https:\/\/explora.pl\/blog\/imagineai\/","url":"https:\/\/explora.pl\/blog\/imagineai\/","name":"#ImagineAI @explora75.ai - Fotograf Koszalin, Fotograf \u015blubny Koszalin, Fotograf \u015blubny Bia\u0142ogard, Fotograf Bia\u0142ogard, zdj\u0119cia \u015blubne Koszalin","isPartOf":{"@id":"https:\/\/explora.pl\/blog\/#website"},"datePublished":"2024-02-10T10:53:10+00:00","dateModified":"2024-02-22T09:44:07+00:00","description":"#Graphics created with #AI (#Dalle, #LeonardoAI, #SDXL, #FireFly, #Generative Fill #Adobe). Idea, processing, prompt by @explora75.ai | www.explora.pl","breadcrumb":{"@id":"https:\/\/explora.pl\/blog\/imagineai\/#breadcrumb"},"inLanguage":"pl-PL","potentialAction":[{"@type":"ReadAction","target":["https:\/\/explora.pl\/blog\/imagineai\/"]}]},{"@type":"BreadcrumbList","@id":"https:\/\/explora.pl\/blog\/imagineai\/#breadcrumb","itemListElement":[{"@type":"ListItem","position":1,"name":"Strona g\u0142\u00f3wna","item":"https:\/\/explora.pl\/blog\/"},{"@type":"ListItem","position":2,"name":"#ImagineAI @explora75.ai"}]},{"@type":"WebSite","@id":"https:\/\/explora.pl\/blog\/#website","url":"https:\/\/explora.pl\/blog\/","name":"Fotograf Koszalin, Fotograf \u015blubny Koszalin, Fotograf \u015blubny Bia\u0142ogard, Fotograf Bia\u0142ogard, zdj\u0119cia \u015blubne Koszalin","description":"Fotografia \u015blubna Koszalin, portretowa, u\u017cytkowa oraz ekspresowe zdj\u0119cia do dokument\u00f3w - Koszalin","potentialAction":[{"@type":"SearchAction","target":{"@type":"EntryPoint","urlTemplate":"https:\/\/explora.pl\/blog\/?s={search_term_string}"},"query-input":{"@type":"PropertyValueSpecification","valueRequired":true,"valueName":"search_term_string"}}],"inLanguage":"pl-PL"}]}},"_links":{"self":[{"href":"https:\/\/explora.pl\/blog\/wp-json\/wp\/v2\/pages\/9235","targetHints":{"allow":["GET"]}}],"collection":[{"href":"https:\/\/explora.pl\/blog\/wp-json\/wp\/v2\/pages"}],"about":[{"href":"https:\/\/explora.pl\/blog\/wp-json\/wp\/v2\/types\/page"}],"author":[{"embeddable":true,"href":"https:\/\/explora.pl\/blog\/wp-json\/wp\/v2\/users\/2"}],"replies":[{"embeddable":true,"href":"https:\/\/explora.pl\/blog\/wp-json\/wp\/v2\/comments?post=9235"}],"version-history":[{"count":3,"href":"https:\/\/explora.pl\/blog\/wp-json\/wp\/v2\/pages\/9235\/revisions"}],"predecessor-version":[{"id":10333,"href":"https:\/\/explora.pl\/blog\/wp-json\/wp\/v2\/pages\/9235\/revisions\/10333"}],"wp:attachment":[{"href":"https:\/\/explora.pl\/blog\/wp-json\/wp\/v2\/media?parent=9235"}],"curies":[{"name":"wp","href":"https:\/\/api.w.org\/{rel}","templated":true}]}}